{"id":148653,"date":"2025-09-06T11:05:00","date_gmt":"2025-09-06T11:05:00","guid":{"rendered":"https:\/\/horecacenter.com\/?post_type=product&#038;p=148653"},"modified":"2026-01-03T06:57:35","modified_gmt":"2026-01-03T06:57:35","slug":"horeca-eck-essbank-napoli-kunstleder-camel","status":"publish","type":"product","link":"https:\/\/horecacenter.com\/de\/produkt\/horeca-eck-essbank-napoli-kunstleder-camel\/","title":{"rendered":"Horeca Eck-Essbank &#8211; NAPOLI &#8211; Kamelfarbenes Kunstleder"},"content":{"rendered":"<p><span style=\"color: #000000;\">Napoli ist ein absoluter Klassiker von h\u00f6chster Qualit\u00e4t! Dieses Sofa besteht aus hochwertigem Leder mit einem luxuri\u00f6sen Aussehen. Geeignet f\u00fcr ein elegantes Interieur. Bedeckt mit pflegeleichtem Santiago Kunstleder. Es ist f\u00fcr alle Catering-Betriebe geeignet. Lieferung mit schwarzer MDF-Basis und Standard-Kunststoffgleitnagel unten.<\/span><\/p>\n<p><span style=\"color: #000000;\">Dieses Produkt ist auch als Ma\u00dfanfertigung bis 200 cm sowie mit verschiedenen Stoffen und Farben erh\u00e4ltlich.<\/span><\/p>\n<p><span style=\"color: #000000;\">Aufmerksamkeit ! Die Ma\u00dfe der B\u00e4nke k\u00f6nnen je nach verwendetem Material um 1 bis 2 cm variieren.<\/span><\/p>\n","protected":false},"excerpt":{"rendered":"<p>Napoli ist ein absoluter Klassiker von h\u00f6chster Qualit\u00e4t! Dieses Sofa besteht aus hochwertigem Leder mit einem luxuri\u00f6sen Aussehen. Geeignet f\u00fcr<\/p>\n","protected":false},"featured_media":150477,"comment_status":"closed","ping_status":"closed","template":"","meta":[],"product_brand":[],"product_cat":[10055],"product_tag":[17415,17417,17426,17434],"class_list":{"0":"post-148653","1":"product","2":"type-product","3":"status-publish","4":"has-post-thumbnail","6":"product_cat-napoli-banke","7":"product_tag-cafe-inrichting","8":"product_tag-meubles-horeca","9":"product_tag-horeca-furniture","10":"product_tag-horeca-moebel","11":"pa_product-color-color-camel-de","12":"pa_product-frame-color-wenge-frame-color-de","13":"pa_product-more-colors-ja-de","14":"pa_product-seat-height-cm-49-seat-height-cm-de","15":"pa_product-seats-1-seats-de","16":"pa_product-upholstery-upholstery-kunstleder-de","17":"pa_product-usage-usage-innen-de","19":"first","20":"onbackorder","21":"sale","22":"taxable","23":"shipping-taxable","24":"purchasable","25":"product-type-simple"},"_links":{"self":[{"href":"https:\/\/horecacenter.com\/de\/wp-json\/wp\/v2\/product\/148653","targetHints":{"allow":["GET"]}}],"collection":[{"href":"https:\/\/horecacenter.com\/de\/wp-json\/wp\/v2\/product"}],"about":[{"href":"https:\/\/horecacenter.com\/de\/wp-json\/wp\/v2\/types\/product"}],"replies":[{"embeddable":true,"href":"https:\/\/horecacenter.com\/de\/wp-json\/wp\/v2\/comments?post=148653"}],"version-history":[{"count":1,"href":"https:\/\/horecacenter.com\/de\/wp-json\/wp\/v2\/product\/148653\/revisions"}],"predecessor-version":[{"id":164388,"href":"https:\/\/horecacenter.com\/de\/wp-json\/wp\/v2\/product\/148653\/revisions\/164388"}],"wp:featuredmedia":[{"embeddable":true,"href":"https:\/\/horecacenter.com\/de\/wp-json\/wp\/v2\/media\/150477"}],"wp:attachment":[{"href":"https:\/\/horecacenter.com\/de\/wp-json\/wp\/v2\/media?parent=148653"}],"wp:term":[{"taxonomy":"product_brand","embeddable":true,"href":"https:\/\/horecacenter.com\/de\/wp-json\/wp\/v2\/product_brand?post=148653"},{"taxonomy":"product_cat","embeddable":true,"href":"https:\/\/horecacenter.com\/de\/wp-json\/wp\/v2\/product_cat?post=148653"},{"taxonomy":"product_tag","embeddable":true,"href":"https:\/\/horecacenter.com\/de\/wp-json\/wp\/v2\/product_tag?post=148653"}],"curies":[{"name":"wp","href":"https:\/\/api.w.org\/{rel}","templated":true}]}}