{"id":163452,"date":"2025-11-22T08:43:54","date_gmt":"2025-11-22T08:43:54","guid":{"rendered":"https:\/\/horecacenter.com\/?post_type=product&#038;p=163452"},"modified":"2025-12-02T12:28:11","modified_gmt":"2025-12-02T12:28:11","slug":"horeca-holz-barstuhl-tara-braun-kunstleder","status":"publish","type":"product","link":"https:\/\/horecacenter.com\/de\/produkt\/horeca-holz-barstuhl-tara-braun-kunstleder\/","title":{"rendered":"Horeca Holz-Barstuhl &#8211; TARA &#8211; Braun Kunstleder"},"content":{"rendered":"<p><span style=\"color: #000000;\">Schaffen Sie eine stilvolle und einladende Atmosph\u00e4re mit diesem eleganten Barhocker, bezogen mit hochwertigem Kunstleder und erh\u00e4ltlich in einer Auswahl beliebter Farben. Der elegante wengefarbene Buchenrahmen kombiniert nat\u00fcrliche W\u00e4rme mit einer robusten Konstruktion, wodurch dieser Hocker perfekt f\u00fcr den intensiven Einsatz in dynamischen Umgebungen geeignet ist. Die Kunstlederpolsterung bietet eine luxuri\u00f6se Optik und ist pflegeleicht, sodass Ihr Interieur immer gepflegt aussieht.<\/span><\/p>\n<p><span style=\"color: #000000;\">Dieser Barhocker ist ideal f\u00fcr Restaurants, Caf\u00e9s und Bars, die ein anspruchsvolles Ambiente ausstrahlen m\u00f6chten. Das ergonomische Design sorgt f\u00fcr optimalen Sitzkomfort, w\u00e4hrend die langlebigen Materialien zu einem professionellen Erscheinungsbild beitragen. Perfekt f\u00fcr Gastronomiebetriebe, die eine Balance zwischen Funktionalit\u00e4t und modernem Design suchen und ihren G\u00e4sten ein einladendes Ambiente bieten m\u00f6chten, das zum l\u00e4ngeren Verweilen einl\u00e4dt. W\u00e4hlen Sie einen Barhocker, der Stil, Komfort und Qualit\u00e4t m\u00fchelos vereint \u2013 die ultimative Wahl f\u00fcr ein Interieur, das einen bleibenden Eindruck hinterl\u00e4sst.<\/span><\/p>\n<p><span style=\"color: #000000;\"><strong>Zus\u00e4tzliche Information:<\/strong><\/span><\/p>\n<ul>\n<li><span style=\"color: #000000;\">Standardm\u00e4\u00dfig mit verschiebbaren Kunststoffknopff\u00fc\u00dfen geliefert<\/span><\/li>\n<li><span style=\"color: #000000;\">Vollst\u00e4ndig einsatzbereit<\/span><\/li>\n<li><span style=\"color: #000000;\">Garantiertes europ\u00e4isches Produkt<\/span><\/li>\n<li><span style=\"color: #000000;\">1 Jahr Herstellergarantie<\/span><\/li>\n<\/ul>\n<p><span style=\"color: #000000;\"><strong>M\u00f6glichkeit:<\/strong><\/span><\/p>\n<ul>\n<li><span style=\"color: #000000;\">Nat\u00fcrlicher Rahmen + 7,50 \u20ac<\/span><\/li>\n<li><span style=\"color: #000000;\">Doppelte Farbe + 10,00 \u20ac<\/span><\/li>\n<li><span style=\"color: #000000;\">S\u00fcd + 15,00 \u20ac<\/span><\/li>\n<li><span style=\"color: #000000;\">Ravenna (nur der Sitzplatz) + 15 \u20ac<\/span><\/li>\n<\/ul>\n<p><span style=\"font-size: 14px; color: #000000;\"><span style=\"font-family: Arial,Helvetica,sans-serif;\"><strong><em>Dieser Preis beinhaltet\u00a0 10 \u20ac extra f\u00fcr die Schutzproduktbehandlung empfohlen zu tragen Farbe ausgibt.<\/em><\/strong><\/span><\/span><\/p>\n","protected":false},"excerpt":{"rendered":"<p>Schaffen Sie eine stilvolle und einladende Atmosph\u00e4re mit diesem eleganten Barhocker, bezogen mit hochwertigem Kunstleder und erh\u00e4ltlich in einer Auswahl<\/p>\n","protected":false},"featured_media":70039,"comment_status":"closed","ping_status":"closed","template":"","meta":[],"product_brand":[],"product_cat":[10267],"product_tag":[],"class_list":{"0":"post-163452","1":"product","2":"type-product","3":"status-publish","4":"has-post-thumbnail","6":"product_cat-holzstange","7":"pa_frame-nicht-stapelbar-frame-de","8":"pa_product-color-color-braun-de","9":"pa_product-frame-color-wenge-frame-color-de","10":"pa_product-material-buche-rahmen-material-de","11":"pa_product-more-colors-ja-de","12":"pa_product-more-dimensions-ja-de","13":"pa_product-seat-cm-45x45-seat-cm-de","14":"pa_product-seat-height-cm-83-seat-height-cm-de","15":"pa_product-seats-1-seats-de","16":"pa_product-upholstery-upholstery-kunstleder-de","17":"pa_product-usage-usage-innen-de","19":"first","20":"instock","21":"sale","22":"taxable","23":"shipping-taxable","24":"purchasable","25":"product-type-simple"},"_links":{"self":[{"href":"https:\/\/horecacenter.com\/de\/wp-json\/wp\/v2\/product\/163452","targetHints":{"allow":["GET"]}}],"collection":[{"href":"https:\/\/horecacenter.com\/de\/wp-json\/wp\/v2\/product"}],"about":[{"href":"https:\/\/horecacenter.com\/de\/wp-json\/wp\/v2\/types\/product"}],"replies":[{"embeddable":true,"href":"https:\/\/horecacenter.com\/de\/wp-json\/wp\/v2\/comments?post=163452"}],"version-history":[{"count":2,"href":"https:\/\/horecacenter.com\/de\/wp-json\/wp\/v2\/product\/163452\/revisions"}],"predecessor-version":[{"id":163471,"href":"https:\/\/horecacenter.com\/de\/wp-json\/wp\/v2\/product\/163452\/revisions\/163471"}],"wp:featuredmedia":[{"embeddable":true,"href":"https:\/\/horecacenter.com\/de\/wp-json\/wp\/v2\/media\/70039"}],"wp:attachment":[{"href":"https:\/\/horecacenter.com\/de\/wp-json\/wp\/v2\/media?parent=163452"}],"wp:term":[{"taxonomy":"product_brand","embeddable":true,"href":"https:\/\/horecacenter.com\/de\/wp-json\/wp\/v2\/product_brand?post=163452"},{"taxonomy":"product_cat","embeddable":true,"href":"https:\/\/horecacenter.com\/de\/wp-json\/wp\/v2\/product_cat?post=163452"},{"taxonomy":"product_tag","embeddable":true,"href":"https:\/\/horecacenter.com\/de\/wp-json\/wp\/v2\/product_tag?post=163452"}],"curies":[{"name":"wp","href":"https:\/\/api.w.org\/{rel}","templated":true}]}}