{"id":180017,"date":"2026-02-06T13:59:11","date_gmt":"2026-02-06T13:59:11","guid":{"rendered":"https:\/\/horecacenter.com\/?post_type=product&#038;p=180017"},"modified":"2026-02-06T14:12:25","modified_gmt":"2026-02-06T14:12:25","slug":"horeca-essbank-king-schwarz-kunstleder","status":"publish","type":"product","link":"https:\/\/horecacenter.com\/de\/produkt\/horeca-essbank-king-schwarz-kunstleder\/","title":{"rendered":"Horeca Essbank &#8211; KING &#8211; Schwarz Kunstleder"},"content":{"rendered":"<p><span style=\"color: #000000;\">Dieses Kunstleder-Sofa mit einer stabilen MDF-Konstruktion und einem wengefarbenen Rahmen bietet dank der hohen R\u00fcckenlehne ultimativen Komfort. Der weiche Bezug f\u00fchlt sich luxuri\u00f6s an und ist ideal f\u00fcr den intensiven Gebrauch. Perfekt f\u00fcr Gastronomiebetriebe, die Komfort und Stil kombinieren m\u00f6chten. Eine elegante Wahl f\u00fcr jeden Raum!<\/span><\/p>\n<p><span style=\"color: #000000;\">Diese Kollektion kann auch in Gr\u00f6\u00dfen bis zu 200 cm mit verschiedenen Stoff- und Farboptionen gefertigt werden.<\/span><\/p>\n<p><span style=\"color: #000000;\">Aufmerksamkeit ! Die Ma\u00dfe der B\u00e4nke k\u00f6nnen je nach verwendetem Material um 1 bis 2 cm variieren.<\/span><\/p>\n","protected":false},"excerpt":{"rendered":"<p>Dieses Kunstleder-Sofa mit einer stabilen MDF-Konstruktion und einem wengefarbenen Rahmen bietet dank der hohen R\u00fcckenlehne ultimativen Komfort. Der weiche Bezug<\/p>\n","protected":false},"featured_media":180025,"comment_status":"open","ping_status":"closed","template":"","meta":[],"product_brand":[],"product_cat":[15872],"product_tag":[17417,17426,17434,17666,17667,17668,17670],"class_list":{"0":"post-180017","1":"product","2":"type-product","3":"status-publish","4":"has-post-thumbnail","6":"product_cat-king-bank-de","7":"product_tag-meubles-horeca","8":"product_tag-horeca-furniture","9":"product_tag-horeca-moebel","10":"product_tag-meubles-de-restaurant","11":"product_tag-restaurant-furniture","12":"product_tag-restaurant-inrichting","13":"product_tag-restaurant-moebel","14":"pa_product-color-color-schwarz-de","15":"pa_product-frame-color-wenge-frame-color-de","16":"pa_product-more-colors-ja-de","17":"pa_product-more-dimensions-ja-de","18":"pa_product-seat-height-cm-45-seat-height-cm-de","19":"pa_product-seats-2-seats-de","20":"pa_product-upholstery-upholstery-kunstleder-de","21":"pa_product-usage-usage-innen-de","23":"first","24":"onbackorder","25":"taxable","26":"shipping-taxable","27":"purchasable","28":"product-type-simple"},"_links":{"self":[{"href":"https:\/\/horecacenter.com\/de\/wp-json\/wp\/v2\/product\/180017","targetHints":{"allow":["GET"]}}],"collection":[{"href":"https:\/\/horecacenter.com\/de\/wp-json\/wp\/v2\/product"}],"about":[{"href":"https:\/\/horecacenter.com\/de\/wp-json\/wp\/v2\/types\/product"}],"replies":[{"embeddable":true,"href":"https:\/\/horecacenter.com\/de\/wp-json\/wp\/v2\/comments?post=180017"}],"version-history":[{"count":3,"href":"https:\/\/horecacenter.com\/de\/wp-json\/wp\/v2\/product\/180017\/revisions"}],"predecessor-version":[{"id":180050,"href":"https:\/\/horecacenter.com\/de\/wp-json\/wp\/v2\/product\/180017\/revisions\/180050"}],"wp:featuredmedia":[{"embeddable":true,"href":"https:\/\/horecacenter.com\/de\/wp-json\/wp\/v2\/media\/180025"}],"wp:attachment":[{"href":"https:\/\/horecacenter.com\/de\/wp-json\/wp\/v2\/media?parent=180017"}],"wp:term":[{"taxonomy":"product_brand","embeddable":true,"href":"https:\/\/horecacenter.com\/de\/wp-json\/wp\/v2\/product_brand?post=180017"},{"taxonomy":"product_cat","embeddable":true,"href":"https:\/\/horecacenter.com\/de\/wp-json\/wp\/v2\/product_cat?post=180017"},{"taxonomy":"product_tag","embeddable":true,"href":"https:\/\/horecacenter.com\/de\/wp-json\/wp\/v2\/product_tag?post=180017"}],"curies":[{"name":"wp","href":"https:\/\/api.w.org\/{rel}","templated":true}]}}