{"id":77882,"date":"2020-09-18T22:26:36","date_gmt":"2020-09-18T22:26:36","guid":{"rendered":"https:\/\/horecacenter.com\/?post_type=product&#038;p=77882"},"modified":"2026-03-25T09:27:21","modified_gmt":"2026-03-25T09:27:21","slug":"horeca-puff-quadrat-dunkel-taupe-kunstleder","status":"publish","type":"product","link":"https:\/\/horecacenter.com\/de\/produkt\/horeca-puff-quadrat-dunkel-taupe-kunstleder\/","title":{"rendered":"Horeca Puff &#8211; Quadrat &#8211; Taupe Kunstleder"},"content":{"rendered":"<p>Dieser Hocker ist mit <strong>taupefarbenem Kunstleder<\/strong> bezogen, einem langlebigen und pflegeleichten Material. Er bietet eine elegante Optik und eignet sich f\u00fcr intensiven Einsatz.<\/p>\n<p><strong>Eleganter und Praktischer Gastronomie Hocker<\/strong><\/p>\n<p>Dieser Kunstleder-Hocker ist in Dunkeltaupe, Taupe und Schwarz erh\u00e4ltlich und erg\u00e4nzt jedes Interieur stilvoll. Das stabile Design sorgt f\u00fcr Langlebigkeit. Der <strong>Gastronomie Hocker \u2013 Quadratisch \u2013 Taupe Kunstleder<\/strong> bietet komfortables Sitzen und eine moderne Ausstrahlung. Ideal f\u00fcr Caf\u00e9s und Restaurants. Dank seines kompakten Formats ist er leicht zu bewegen. Perfekt f\u00fcr flexible Sitzl\u00f6sungen. Zur Pflege einfach mit einem weichen, leicht feuchten Tuch reinigen. Aggressive Reinigungsmittel vermeiden.<\/p>\n","protected":false},"excerpt":{"rendered":"<p><br data-mce-bogus=\"1\"><\/p>\n","protected":false},"featured_media":72225,"comment_status":"open","ping_status":"closed","template":"","meta":[],"product_brand":[],"product_cat":[9803],"product_tag":[17670,17943,17417,17426,17434,17667,17668],"class_list":{"0":"post-77882","1":"product","2":"type-product","3":"status-publish","4":"has-post-thumbnail","6":"product_cat-puff","7":"product_tag-restaurant-moebel","8":"product_tag-restaurant-meubelen","9":"product_tag-meubles-horeca","10":"product_tag-horeca-furniture","11":"product_tag-horeca-moebel","12":"product_tag-restaurant-furniture","13":"product_tag-restaurant-inrichting","14":"pa_frame-nicht-stapelbar-frame-de","15":"pa_product-color-color-taupe-de","16":"pa_product-frame-color-schwarz-frame-color-de","17":"pa_product-more-colors-ja-de","18":"pa_product-more-dimensions-ja-de","19":"pa_product-seat-height-cm-45-seat-height-cm-de","20":"pa_product-seat-width-cm-37-seat-width-cm-de","21":"pa_product-seats-1-seats-de","22":"pa_product-upholstery-upholstery-kunstleder-de","23":"pa_product-usage-usage-innen-de","25":"first","26":"outofstock","27":"sale","28":"taxable","29":"shipping-taxable","30":"purchasable","31":"product-type-simple"},"_links":{"self":[{"href":"https:\/\/horecacenter.com\/de\/wp-json\/wp\/v2\/product\/77882","targetHints":{"allow":["GET"]}}],"collection":[{"href":"https:\/\/horecacenter.com\/de\/wp-json\/wp\/v2\/product"}],"about":[{"href":"https:\/\/horecacenter.com\/de\/wp-json\/wp\/v2\/types\/product"}],"replies":[{"embeddable":true,"href":"https:\/\/horecacenter.com\/de\/wp-json\/wp\/v2\/comments?post=77882"}],"version-history":[{"count":5,"href":"https:\/\/horecacenter.com\/de\/wp-json\/wp\/v2\/product\/77882\/revisions"}],"predecessor-version":[{"id":191300,"href":"https:\/\/horecacenter.com\/de\/wp-json\/wp\/v2\/product\/77882\/revisions\/191300"}],"wp:featuredmedia":[{"embeddable":true,"href":"https:\/\/horecacenter.com\/de\/wp-json\/wp\/v2\/media\/72225"}],"wp:attachment":[{"href":"https:\/\/horecacenter.com\/de\/wp-json\/wp\/v2\/media?parent=77882"}],"wp:term":[{"taxonomy":"product_brand","embeddable":true,"href":"https:\/\/horecacenter.com\/de\/wp-json\/wp\/v2\/product_brand?post=77882"},{"taxonomy":"product_cat","embeddable":true,"href":"https:\/\/horecacenter.com\/de\/wp-json\/wp\/v2\/product_cat?post=77882"},{"taxonomy":"product_tag","embeddable":true,"href":"https:\/\/horecacenter.com\/de\/wp-json\/wp\/v2\/product_tag?post=77882"}],"curies":[{"name":"wp","href":"https:\/\/api.w.org\/{rel}","templated":true}]}}