{"id":92630,"date":"2024-04-26T06:54:54","date_gmt":"2024-04-26T06:54:54","guid":{"rendered":"https:\/\/horecacenter.com\/?post_type=product&#038;p=92630"},"modified":"2026-01-06T11:42:25","modified_gmt":"2026-01-06T11:42:25","slug":"horeca-terrassenstuhl-milano-1","status":"publish","type":"product","link":"https:\/\/horecacenter.com\/de\/produkt\/horeca-terrassenstuhl-milano-1\/","title":{"rendered":"Terrassenstuhl Bergamo &#8211; Mit Armlehnen &#8211; Stapelbar &#8211; Schwarz"},"content":{"rendered":"<p><span style=\"color: #000000;\">Erleben Sie den Charme dieses Aluminium-Terrassen-Armstuhls in warmen Braun-, Beige- und Goldt\u00f6nen. Entworfen f\u00fcr einen eleganten und stilvollen Look, kombiniert der Stuhl eine Kunststoff-Rattan-Optik mit einem pflegeleichten und wetterbest\u00e4ndigen Design, ideal f\u00fcr Au\u00dfenbereiche wie Terrassen. Seine stapelbare Konstruktion macht ihn praktisch und platzsparend und ideal f\u00fcr den intensiven Einsatz in stark frequentierten Gastgewerbebetrieben.<\/span><\/p>\n<p><span style=\"color: #000000;\">Mit seiner einladenden Farbpalette und modernen Ausstrahlung ist dieser Stuhl perfekt f\u00fcr Caf\u00e9s, Bistros und Restaurants, die eine gastfreundliche und attraktive Atmosph\u00e4re schaffen m\u00f6chten. Eine hervorragende Wahl f\u00fcr Unternehmer, die sowohl Komfort als auch Stil bieten m\u00f6chten und eine Terrasse schaffen m\u00f6chten, auf der G\u00e4ste gerne l\u00e4nger verweilen.<\/span><\/p>\n","protected":false},"excerpt":{"rendered":"<p>Erleben Sie den Charme dieses Aluminium-Terrassen-Armstuhls in warmen Braun-, Beige- und Goldt\u00f6nen. Entworfen f\u00fcr einen eleganten und stilvollen Look, kombiniert<\/p>\n","protected":false},"featured_media":75741,"comment_status":"open","ping_status":"closed","template":"","meta":[],"product_brand":[],"product_cat":[9783,17958],"product_tag":[],"class_list":{"0":"post-92630","1":"product","2":"type-product","3":"status-publish","4":"has-post-thumbnail","6":"product_cat-terrassenstuhl","7":"product_cat-terrassenstuehle-indoor-category","8":"pa_armrest-armrest-ja-de","9":"pa_buisstructuur-cm-280x015-buisstructuur-cm-de","10":"pa_frame-stapelbar-frame-de","11":"pa_product-arm-height-cm-66-arm-height-cm-de","12":"pa_product-color-color-schwarz-de","13":"pa_product-frame-color-schwarz-frame-color-de","14":"pa_product-material-material-aluminium-de","15":"pa_product-more-colors-ja-de","16":"pa_product-more-dimensions-ja-de","17":"pa_product-seat-depth-cm-4050-seat-depth-cm-de","18":"pa_product-seat-height-cm-44-seat-height-cm-de","19":"pa_product-seat-width-cm-39-seat-width-cm-de","20":"pa_product-seats-1-seats-de","21":"pa_product-usage-usage-innen-de","22":"pa_product-usage-usage-draussen-de","24":"first","25":"instock","26":"sale","27":"taxable","28":"shipping-taxable","29":"purchasable","30":"product-type-simple"},"_links":{"self":[{"href":"https:\/\/horecacenter.com\/de\/wp-json\/wp\/v2\/product\/92630","targetHints":{"allow":["GET"]}}],"collection":[{"href":"https:\/\/horecacenter.com\/de\/wp-json\/wp\/v2\/product"}],"about":[{"href":"https:\/\/horecacenter.com\/de\/wp-json\/wp\/v2\/types\/product"}],"replies":[{"embeddable":true,"href":"https:\/\/horecacenter.com\/de\/wp-json\/wp\/v2\/comments?post=92630"}],"version-history":[{"count":3,"href":"https:\/\/horecacenter.com\/de\/wp-json\/wp\/v2\/product\/92630\/revisions"}],"predecessor-version":[{"id":171350,"href":"https:\/\/horecacenter.com\/de\/wp-json\/wp\/v2\/product\/92630\/revisions\/171350"}],"wp:featuredmedia":[{"embeddable":true,"href":"https:\/\/horecacenter.com\/de\/wp-json\/wp\/v2\/media\/75741"}],"wp:attachment":[{"href":"https:\/\/horecacenter.com\/de\/wp-json\/wp\/v2\/media?parent=92630"}],"wp:term":[{"taxonomy":"product_brand","embeddable":true,"href":"https:\/\/horecacenter.com\/de\/wp-json\/wp\/v2\/product_brand?post=92630"},{"taxonomy":"product_cat","embeddable":true,"href":"https:\/\/horecacenter.com\/de\/wp-json\/wp\/v2\/product_cat?post=92630"},{"taxonomy":"product_tag","embeddable":true,"href":"https:\/\/horecacenter.com\/de\/wp-json\/wp\/v2\/product_tag?post=92630"}],"curies":[{"name":"wp","href":"https:\/\/api.w.org\/{rel}","templated":true}]}}