{"id":145998,"date":"2025-08-15T13:53:24","date_gmt":"2025-08-15T13:53:24","guid":{"rendered":"https:\/\/horecacenter.com\/?post_type=product&#038;p=145998"},"modified":"2026-01-03T08:49:22","modified_gmt":"2026-01-03T08:49:22","slug":"pied-de-table-de-cafe-restaurant-et-horeca-fonte-45x45-hauteur-72-cm-or-ce155-gold","status":"publish","type":"product","link":"https:\/\/horecacenter.com\/fr\/produit\/pied-de-table-de-cafe-restaurant-et-horeca-fonte-45x45-hauteur-72-cm-or-ce155-gold\/","title":{"rendered":"Pied de Table Pour Restaurant &#8211; 45&#215;45 Hauteur 72 cm &#8211; Fonte"},"content":{"rendered":"<p><span style=\"color: #000000;\">Ce pied de table gracieux est beau partout, car il est d\u00e9coratif et fonctionnel, ainsi qu&rsquo;extr\u00eamement fiable et robuste. Il est id\u00e9al pour les patios, jardins et autres espaces ext\u00e9rieurs \u00e0 proximit\u00e9 des restaurants, bistrots et caf\u00e9s. Le pied est suffisamment lourd pour maintenir les tables en place dans toutes les conditions m\u00e9t\u00e9orologiques.<\/span><\/p>\n<ul>\n<li id=\"tw-target-text\" dir=\"ltr\" data-placeholder=\"\u00c7eviri\"><span lang=\"fr\" style=\"color: #000000;\">Dimensions de la plaque inf\u00e9rieure 45&#215;45 cm.<\/span><\/li>\n<li dir=\"ltr\" data-placeholder=\"\u00c7eviri\">Vis de r\u00e9glage pour pied.<\/li>\n<li dir=\"ltr\" data-placeholder=\"\u00c7eviri\"><span lang=\"fr\" style=\"color: #000000;\">Protection du sol.<\/span><\/li>\n<li dir=\"ltr\" data-placeholder=\"\u00c7eviri\"><span lang=\"fr\" style=\"color: #000000;\">Livr\u00e9 dans un emballage plat.<\/span><\/li>\n<li dir=\"ltr\" data-placeholder=\"\u00c7eviri\"><span lang=\"fr\" style=\"color: #000000;\">1 an de garantie.<\/span><\/li>\n<li dir=\"ltr\" data-placeholder=\"\u00c7eviri\">Les pieds de table ne sont pas assembl\u00e9es.<br \/>\nLe mat\u00e9riel n\u00e9cessaire pour l\u2019assemblage est inclus dans la bo\u00eete.<\/li>\n<\/ul>\n<p dir=\"ltr\" data-placeholder=\"\u00c7eviri\"><span style=\"color: #000000;\"><strong><span lang=\"fr\">Convient aux plateaux de dimensions suivantes : <\/span><\/strong><\/span><\/p>\n<ul>\n<li dir=\"ltr\" data-placeholder=\"\u00c7eviri\"><span lang=\"fr\" style=\"color: #000000;\">60&#215;60 cm<\/span><\/li>\n<li dir=\"ltr\" data-placeholder=\"\u00c7eviri\"><span lang=\"fr\" style=\"color: #000000;\">70&#215;70 cm<\/span><\/li>\n<li dir=\"ltr\" data-placeholder=\"\u00c7eviri\"><span lang=\"fr\" style=\"color: #000000;\">80&#215;80 cm<\/span><\/li>\n<li dir=\"ltr\" data-placeholder=\"\u00c7eviri\"><span lang=\"fr\" style=\"color: #000000;\">\u00d8 70 cm<\/span><\/li>\n<li dir=\"ltr\" data-placeholder=\"\u00c7eviri\"><span lang=\"fr\" style=\"color: #000000;\">\u00d8 80 cm<\/span><\/li>\n<\/ul>\n","protected":false},"excerpt":{"rendered":"<p>Ce pied de table gracieux est beau partout, car il est d\u00e9coratif et fonctionnel, ainsi qu&rsquo;extr\u00eamement fiable et robuste. Il<\/p>\n","protected":false},"featured_media":145995,"comment_status":"closed","ping_status":"closed","template":"","meta":[],"product_brand":[],"product_cat":[9812,9852,9860,10512],"product_tag":[10666,13354],"class_list":{"0":"post-145998","1":"product","2":"type-product","3":"status-publish","4":"has-post-thumbnail","6":"product_cat-pieds-de-table","7":"product_cat-terrasse-table-pied","8":"product_cat-nouveau","9":"product_cat-bientot-disponible","10":"product_tag-table-base","11":"product_tag-tafelonderstel","12":"pa_frame-non-empilable-frame-fr","13":"pa_product-color-color-or-fr","14":"pa_product-material-material-fonte","15":"pa_product-more-colors-oui-fr","16":"pa_product-usage-usage-interieur-fr","17":"pa_product-usage-usage-exterieur-fr","18":"pa_table-base-height-cm-72-cm-fr","20":"first","21":"instock","22":"sale","23":"taxable","24":"shipping-taxable","25":"purchasable","26":"product-type-simple"},"_links":{"self":[{"href":"https:\/\/horecacenter.com\/fr\/wp-json\/wp\/v2\/product\/145998","targetHints":{"allow":["GET"]}}],"collection":[{"href":"https:\/\/horecacenter.com\/fr\/wp-json\/wp\/v2\/product"}],"about":[{"href":"https:\/\/horecacenter.com\/fr\/wp-json\/wp\/v2\/types\/product"}],"replies":[{"embeddable":true,"href":"https:\/\/horecacenter.com\/fr\/wp-json\/wp\/v2\/comments?post=145998"}],"version-history":[{"count":1,"href":"https:\/\/horecacenter.com\/fr\/wp-json\/wp\/v2\/product\/145998\/revisions"}],"predecessor-version":[{"id":173288,"href":"https:\/\/horecacenter.com\/fr\/wp-json\/wp\/v2\/product\/145998\/revisions\/173288"}],"wp:featuredmedia":[{"embeddable":true,"href":"https:\/\/horecacenter.com\/fr\/wp-json\/wp\/v2\/media\/145995"}],"wp:attachment":[{"href":"https:\/\/horecacenter.com\/fr\/wp-json\/wp\/v2\/media?parent=145998"}],"wp:term":[{"taxonomy":"product_brand","embeddable":true,"href":"https:\/\/horecacenter.com\/fr\/wp-json\/wp\/v2\/product_brand?post=145998"},{"taxonomy":"product_cat","embeddable":true,"href":"https:\/\/horecacenter.com\/fr\/wp-json\/wp\/v2\/product_cat?post=145998"},{"taxonomy":"product_tag","embeddable":true,"href":"https:\/\/horecacenter.com\/fr\/wp-json\/wp\/v2\/product_tag?post=145998"}],"curies":[{"name":"wp","href":"https:\/\/api.w.org\/{rel}","templated":true}]}}