{"id":162722,"date":"2025-11-20T13:35:53","date_gmt":"2025-11-20T13:35:53","guid":{"rendered":"https:\/\/horecacenter.com\/?post_type=product&#038;p=162722"},"modified":"2026-03-06T13:18:18","modified_gmt":"2026-03-06T13:18:18","slug":"chaise-de-restaurant-avec-accoudoirs-victoria-microfibre-vintage-olive","status":"publish","type":"product","link":"https:\/\/horecacenter.com\/fr\/produit\/chaise-de-restaurant-avec-accoudoirs-victoria-microfibre-vintage-olive\/","title":{"rendered":"Chaise de Restaurant Avec Accoudoirs &#8211; VICTORIA &#8211; Microfibre  Olive"},"content":{"rendered":"<p>Cette chaise avec accoudoirs est recouverte de <strong>microfibre olive<\/strong>, un tissu durable qui combine l\u2019apparence chaleureuse du cuir avec la r\u00e9sistance des mat\u00e9riaux modernes.<\/p>\n<p><strong>Fauteuil Horeca \u00c9l\u00e9gant et Confortable<\/strong><\/p>\n<p>Le <strong>Fauteuil Horeca VICTORIA \u2013 Microfibre Olive<\/strong> associe un design moderne \u00e0 une assise ergonomique et des accoudoirs int\u00e9gr\u00e9s pour un confort optimal. La couleur olive apporte une ambiance naturelle et \u00e9l\u00e9gante aux restaurants, caf\u00e9s et h\u00f4tels. Le pi\u00e8tement m\u00e9tallique noir assure stabilit\u00e9 et style contemporain. Pour l\u2019entretien, nettoyez la microfibre avec une brosse douce ou un chiffon l\u00e9g\u00e8rement humide. \u00c9vitez les produits agressifs afin de pr\u00e9server la texture du tissu. Vous ouvrez un restaurant ou modernisez votre int\u00e9rieur ? Contactez-nous par <strong>T\u00e9l\u00e9phone<\/strong>, <strong>WhatsApp<\/strong> ou <strong>e-mail<\/strong> ou visitez notre showroom.<\/p>\n<p><span style=\"color: #000000;\"><strong>Informations suppl\u00e9mentaires :<\/strong><\/span><\/p>\n<ul>\n<li><span style=\"color: #000000;\">Les chaises ne sont pas assembl\u00e9es et sont toujours emball\u00e9es par paires dans des bo\u00eetes en carton.<\/span><\/li>\n<li><span style=\"color: #000000;\">L&rsquo;assise est fix\u00e9e au cadre \u00e0 l&rsquo;aide de 4 vis.<\/span><\/li>\n<li><span style=\"color: #000000;\">Le mat\u00e9riel n\u00e9cessaire pour l&rsquo;assemblage est inclus dans la bo\u00eete.<\/span><\/li>\n<li><span style=\"color: #000000;\">Les chaises sont faciles \u00e0 assembler.<\/span><\/li>\n<\/ul>\n","protected":false},"excerpt":{"rendered":"<p>Cette chaise avec accoudoirs est recouverte de microfibre olive, un tissu durable qui combine l\u2019apparence chaleureuse du cuir avec la<\/p>\n","protected":false},"featured_media":145108,"comment_status":"closed","ping_status":"closed","template":"","meta":[],"product_brand":[],"product_cat":[17402,17399,10052],"product_tag":[10540,10610,12459,12606,12609,12957,13064,13250,13266,13273,10535],"class_list":{"0":"post-162722","1":"product","2":"type-product","3":"status-publish","4":"has-post-thumbnail","6":"product_cat-chaises-en-metal-tissu-vintage","7":"product_cat-chaises-en-metal-tissu","8":"product_cat-chaise-avec-accoudoir","9":"product_tag-horeca-furniture","10":"product_tag-meubles-horeca","11":"product_tag-sessel-2","12":"product_tag-fauteuil","13":"product_tag-armchair","14":"product_tag-armstoel","15":"product_tag-cafe-inrichting","16":"product_tag-cafe-deko","17":"product_tag-d-coration-de-caf","18":"product_tag-cafe-decoration","19":"product_tag-horeca-m-bel","20":"pa_armrest-armrest-oui-fr","21":"pa_frame-non-empilable-frame-fr","22":"pa_product-arm-height-cm-6850-arm-height-cm-fr","23":"pa_product-color-color-olive-fr","24":"pa_product-frame-color-noir-framecolor-fr","25":"pa_product-material-cadre-en-metal-material-fr","26":"pa_product-more-colors-oui-fr","27":"pa_product-seat-height-cm-49-seat-height-cm-fr","28":"pa_product-seat-width-cm-44-seat-width-cm-fr","29":"pa_product-seats-1-seats-fr","30":"pa_product-upholstery-upholstery-microfibre-fr","31":"pa_product-usage-usage-interieur-fr","33":"first","34":"instock","35":"sale","36":"taxable","37":"shipping-taxable","38":"purchasable","39":"product-type-simple"},"_links":{"self":[{"href":"https:\/\/horecacenter.com\/fr\/wp-json\/wp\/v2\/product\/162722","targetHints":{"allow":["GET"]}}],"collection":[{"href":"https:\/\/horecacenter.com\/fr\/wp-json\/wp\/v2\/product"}],"about":[{"href":"https:\/\/horecacenter.com\/fr\/wp-json\/wp\/v2\/types\/product"}],"replies":[{"embeddable":true,"href":"https:\/\/horecacenter.com\/fr\/wp-json\/wp\/v2\/comments?post=162722"}],"version-history":[{"count":2,"href":"https:\/\/horecacenter.com\/fr\/wp-json\/wp\/v2\/product\/162722\/revisions"}],"predecessor-version":[{"id":187116,"href":"https:\/\/horecacenter.com\/fr\/wp-json\/wp\/v2\/product\/162722\/revisions\/187116"}],"wp:featuredmedia":[{"embeddable":true,"href":"https:\/\/horecacenter.com\/fr\/wp-json\/wp\/v2\/media\/145108"}],"wp:attachment":[{"href":"https:\/\/horecacenter.com\/fr\/wp-json\/wp\/v2\/media?parent=162722"}],"wp:term":[{"taxonomy":"product_brand","embeddable":true,"href":"https:\/\/horecacenter.com\/fr\/wp-json\/wp\/v2\/product_brand?post=162722"},{"taxonomy":"product_cat","embeddable":true,"href":"https:\/\/horecacenter.com\/fr\/wp-json\/wp\/v2\/product_cat?post=162722"},{"taxonomy":"product_tag","embeddable":true,"href":"https:\/\/horecacenter.com\/fr\/wp-json\/wp\/v2\/product_tag?post=162722"}],"curies":[{"name":"wp","href":"https:\/\/api.w.org\/{rel}","templated":true}]}}