{"id":165556,"date":"2025-11-27T07:09:39","date_gmt":"2025-11-27T07:09:39","guid":{"rendered":"https:\/\/horecacenter.com\/?post_type=product&#038;p=165556"},"modified":"2026-03-13T12:33:15","modified_gmt":"2026-03-13T12:33:15","slug":"chaise-de-restaurant-avec-accoudoirs-malmo-velours-olive","status":"publish","type":"product","link":"https:\/\/horecacenter.com\/fr\/produit\/chaise-de-restaurant-avec-accoudoirs-malmo-velours-olive\/","title":{"rendered":"Chaise de Restaurant Avec Accoudoirs &#8211; MALMO &#8211; Velours Olive"},"content":{"rendered":"<p>Le rev\u00eatement en <strong>velours olive<\/strong> est fabriqu\u00e9 \u00e0 partir de fibres denses offrant une texture douce et \u00e9l\u00e9gante. Le velours est appr\u00e9ci\u00e9 dans les int\u00e9rieurs horeca pour son confort et son aspect luxueux. La couleur olive cr\u00e9e une ambiance chaleureuse.<\/p>\n<p><strong>Fauteuil Horeca \u00c9l\u00e9gant<\/strong><\/p>\n<p>Le <strong>Fauteuil Horeca MALMO \u2013 Velours Olive<\/strong> associe design moderne et confort professionnel. Les accoudoirs et l\u2019assise ergonomique soutiennent agr\u00e9ablement les clients. La teinte olive apporte une touche raffin\u00e9e. Le pi\u00e8tement m\u00e9tallique assure stabilit\u00e9 et durabilit\u00e9. Son design intemporel s\u2019int\u00e8gre facilement dans les restaurants, caf\u00e9s et h\u00f4tels. Il combine style et fonctionnalit\u00e9. Nettoyez r\u00e9guli\u00e8rement le velours avec une brosse douce ou un aspirateur. Les taches peuvent \u00eatre retir\u00e9es avec un chiffon l\u00e9g\u00e8rement humide. \u00c9vitez les produits agressifs. Vous ouvrez un restaurant ou r\u00e9am\u00e9nagez votre \u00e9tablissement ? Notre \u00e9quipe vous conseille avec plaisir. Contactez-nous par <strong>T\u00e9l\u00e9phone<\/strong>, <strong>WhatsApp<\/strong> ou <strong>e-mail<\/strong> ou visitez notre showroom.<\/p>\n<p><span style=\"color: #000000;\"><strong>Informations suppl\u00e9mentaires :<\/strong><\/span><\/p>\n<ul>\n<li><span style=\"color: #000000;\">Les chaises ne sont pas assembl\u00e9es et sont toujours emball\u00e9es par paires dans des bo\u00eetes en carton.<\/span><\/li>\n<li><span style=\"color: #000000;\">L&rsquo;assise est fix\u00e9e au cadre \u00e0 l&rsquo;aide de 4 vis.<\/span><\/li>\n<li><span style=\"color: #000000;\">Le mat\u00e9riel n\u00e9cessaire pour l&rsquo;assemblage est inclus dans la bo\u00eete.<\/span><\/li>\n<li><span style=\"color: #000000;\">Les chaises sont faciles \u00e0 assembler.<\/span><\/li>\n<\/ul>\n","protected":false},"excerpt":{"rendered":"<p>Le rev\u00eatement en velours olive est fabriqu\u00e9 \u00e0 partir de fibres denses offrant une texture douce et \u00e9l\u00e9gante. Le velours<\/p>\n","protected":false},"featured_media":145140,"comment_status":"closed","ping_status":"closed","template":"","meta":[],"product_brand":[],"product_cat":[17402,17399,10052],"product_tag":[],"class_list":{"0":"post-165556","1":"product","2":"type-product","3":"status-publish","4":"has-post-thumbnail","6":"product_cat-chaises-en-metal-tissu-vintage","7":"product_cat-chaises-en-metal-tissu","8":"product_cat-chaise-avec-accoudoir","9":"pa_armrest-armrest-oui-fr","10":"pa_frame-non-empilable-frame-fr","11":"pa_product-arm-height-cm-66-arm-height-cm-fr","12":"pa_product-color-color-olive-fr","13":"pa_product-frame-color-noir-framecolor-fr","14":"pa_product-material-cadre-en-metal-material-fr","15":"pa_product-more-colors-oui-fr","16":"pa_product-seat-depth-cm-45-seat-depth-cm-fr","17":"pa_product-seat-height-cm-4950-seat-height-cm-fr","18":"pa_product-seat-width-cm-42-seat-width-cm-fr","19":"pa_product-seats-1-seats-fr","20":"pa_product-upholstery-upholstery-velours-fr","21":"pa_product-usage-usage-interieur-fr","23":"first","24":"instock","25":"sale","26":"taxable","27":"shipping-taxable","28":"purchasable","29":"product-type-simple"},"_links":{"self":[{"href":"https:\/\/horecacenter.com\/fr\/wp-json\/wp\/v2\/product\/165556","targetHints":{"allow":["GET"]}}],"collection":[{"href":"https:\/\/horecacenter.com\/fr\/wp-json\/wp\/v2\/product"}],"about":[{"href":"https:\/\/horecacenter.com\/fr\/wp-json\/wp\/v2\/types\/product"}],"replies":[{"embeddable":true,"href":"https:\/\/horecacenter.com\/fr\/wp-json\/wp\/v2\/comments?post=165556"}],"version-history":[{"count":3,"href":"https:\/\/horecacenter.com\/fr\/wp-json\/wp\/v2\/product\/165556\/revisions"}],"predecessor-version":[{"id":189644,"href":"https:\/\/horecacenter.com\/fr\/wp-json\/wp\/v2\/product\/165556\/revisions\/189644"}],"wp:featuredmedia":[{"embeddable":true,"href":"https:\/\/horecacenter.com\/fr\/wp-json\/wp\/v2\/media\/145140"}],"wp:attachment":[{"href":"https:\/\/horecacenter.com\/fr\/wp-json\/wp\/v2\/media?parent=165556"}],"wp:term":[{"taxonomy":"product_brand","embeddable":true,"href":"https:\/\/horecacenter.com\/fr\/wp-json\/wp\/v2\/product_brand?post=165556"},{"taxonomy":"product_cat","embeddable":true,"href":"https:\/\/horecacenter.com\/fr\/wp-json\/wp\/v2\/product_cat?post=165556"},{"taxonomy":"product_tag","embeddable":true,"href":"https:\/\/horecacenter.com\/fr\/wp-json\/wp\/v2\/product_tag?post=165556"}],"curies":[{"name":"wp","href":"https:\/\/api.w.org\/{rel}","templated":true}]}}