{"id":192008,"date":"2026-03-31T13:16:02","date_gmt":"2026-03-31T13:16:02","guid":{"rendered":"https:\/\/horecacenter.com\/?post_type=product&#038;p=192008"},"modified":"2026-04-04T09:49:00","modified_gmt":"2026-04-04T09:49:00","slug":"chaise-de-bar-en-metal-pour-restaurant-carmen-microfibre-vintage-olive","status":"publish","type":"product","link":"https:\/\/horecacenter.com\/fr\/produit\/chaise-de-bar-en-metal-pour-restaurant-carmen-microfibre-vintage-olive\/","title":{"rendered":"Chaise de Bar en M\u00e9tal Pour Restaurant &#8211; CARMEN &#8211; Microfibre  Olive"},"content":{"rendered":"<p>Le rev\u00eatement en <strong>microfibre vintage olive<\/strong> offre un aspect su\u00e9d\u00e9 et un toucher doux. Cette mati\u00e8re est r\u00e9sistante et adapt\u00e9e \u00e0 un usage intensif en horeca. Son look vintage apporte du caract\u00e8re.<\/p>\n<p><strong>Chaise de Bar Industrielle et Confortable<\/strong><\/p>\n<p>La <strong>Chaise de bar Horeca CARMEN \u2013 Microfibre Vintage Olive<\/strong> combine un design robuste avec un bon confort d\u2019assise. L\u2019assise ergonomique soutient bien lors d\u2019une utilisation prolong\u00e9e. La structure m\u00e9tallique assure stabilit\u00e9. Cette chaise de bar convient parfaitement aux \u00e9tablissements modernes. La couleur olive apporte une touche naturelle et tendance. Id\u00e9ale pour bars, restaurants et caf\u00e9s. Nettoyez r\u00e9guli\u00e8rement avec une brosse douce ou un aspirateur. Les taches s\u2019enl\u00e8vent avec un chiffon humide. \u00c9vitez les produits agressifs.<\/p>\n<p>Vous lancez un projet horeca ou r\u00e9novez votre int\u00e9rieur ? Contactez-nous via <strong>T\u00e9l\u00e9phone<\/strong>, <strong>WhatsApp<\/strong> ou <strong>e-mail<\/strong> ou visitez notre showroom.<\/p>\n<p><span style=\"color: #000000;\"><strong>Informations suppl\u00e9mentaires :<\/strong><\/span><\/p>\n<ul>\n<li><span style=\"color: #000000;\">Couleurs disponibles : Micro Cuir Bull Camel, Moss &amp; Graphite.<\/span><\/li>\n<li><span style=\"color: #000000;\">Les chaises ne sont pas assembl\u00e9es et sont toujours emball\u00e9es par 2 dans des bo\u00eetes en carton.<\/span><\/li>\n<li><span style=\"color: #000000;\">Le mat\u00e9riel n\u00e9cessaire pour l\u2019assemblage est inclus dans la bo\u00eete.<\/span><\/li>\n<\/ul>\n","protected":false},"excerpt":{"rendered":"<p>Le rev\u00eatement en microfibre vintage olive offre un aspect su\u00e9d\u00e9 et un toucher doux. Cette mati\u00e8re est r\u00e9sistante et adapt\u00e9e<\/p>\n","protected":false},"featured_media":178980,"comment_status":"closed","ping_status":"closed","template":"","meta":[],"product_brand":[],"product_cat":[10272,9860],"product_tag":[17690,17706,17691,17707,17692,17708,17693,17694,17679,17695,17680,17696,17681,17697,17682,17698,17683,17699,17684,17700,17685,17701,17686,17702,17687,17703,17688,17704,17689,17705],"class_list":{"0":"post-192008","1":"product","2":"type-product","3":"status-publish","4":"has-post-thumbnail","6":"product_cat-chaises-de-bar-en-m-tal","7":"product_cat-nouveau","8":"product_tag-chaises-de-bar-pour-lhotellerie","9":"product_tag-cafe-barstuhl","10":"product_tag-chaise-de-bar-de-cafe","11":"product_tag-barhocker-fur-den-innenbereich","12":"product_tag-tabourets-de-bar-dinterieur","13":"product_tag-schwarzer-metallbarhocker","14":"product_tag-tabouret-de-bar-en-metal-noir","15":"product_tag-industrial-bar-stool","16":"product_tag-industriele-barstoel","17":"product_tag-vintage-bar-stool","18":"product_tag-vintage-barstoel","19":"product_tag-modern-metal-bar-stools","20":"product_tag-moderne-metalen-barstoelen","21":"product_tag-hospitality-bar-stools","22":"product_tag-metaal","23":"product_tag-cafe-bar-stool","24":"product_tag-horeca-barstoelen","25":"product_tag-indoor-bar-stools","26":"product_tag-cafe-barstoel","27":"product_tag-black-metal-bar-stool","28":"product_tag-binnen-barkrukken","29":"product_tag-industrieller-barstuhl","30":"product_tag-zwarte-metalen-barkruk","31":"product_tag-vintage-barstuhl","32":"product_tag-chaise-de-bar-industrielle","33":"product_tag-moderne-metallbarstuhle","34":"product_tag-chaise-de-bar-vintage","35":"product_tag-metall","36":"product_tag-chaises-de-bar-en-metal-modernes","37":"product_tag-gastronomie-barstuhle","38":"pa_frame-non-empilable-frame-fr","39":"pa_product-color-color-olive-fr","40":"pa_product-frame-color-noir-framecolor-fr","41":"pa_product-material-cadre-en-metal-material-fr","42":"pa_product-more-colors-oui-fr","43":"pa_product-more-dimensions-oui-fr","44":"pa_product-seat-height-cm-78-seat-height-cm-fr","45":"pa_product-seat-width-cm-48-seat-width-cm-fr","46":"pa_product-seats-1-seats-fr","47":"pa_product-upholstery-upholstery-microfibre-fr","48":"pa_product-usage-usage-interieur-fr","50":"first","51":"instock","52":"sale","53":"taxable","54":"shipping-taxable","55":"purchasable","56":"product-type-simple"},"_links":{"self":[{"href":"https:\/\/horecacenter.com\/fr\/wp-json\/wp\/v2\/product\/192008","targetHints":{"allow":["GET"]}}],"collection":[{"href":"https:\/\/horecacenter.com\/fr\/wp-json\/wp\/v2\/product"}],"about":[{"href":"https:\/\/horecacenter.com\/fr\/wp-json\/wp\/v2\/types\/product"}],"replies":[{"embeddable":true,"href":"https:\/\/horecacenter.com\/fr\/wp-json\/wp\/v2\/comments?post=192008"}],"version-history":[{"count":2,"href":"https:\/\/horecacenter.com\/fr\/wp-json\/wp\/v2\/product\/192008\/revisions"}],"predecessor-version":[{"id":192133,"href":"https:\/\/horecacenter.com\/fr\/wp-json\/wp\/v2\/product\/192008\/revisions\/192133"}],"wp:featuredmedia":[{"embeddable":true,"href":"https:\/\/horecacenter.com\/fr\/wp-json\/wp\/v2\/media\/178980"}],"wp:attachment":[{"href":"https:\/\/horecacenter.com\/fr\/wp-json\/wp\/v2\/media?parent=192008"}],"wp:term":[{"taxonomy":"product_brand","embeddable":true,"href":"https:\/\/horecacenter.com\/fr\/wp-json\/wp\/v2\/product_brand?post=192008"},{"taxonomy":"product_cat","embeddable":true,"href":"https:\/\/horecacenter.com\/fr\/wp-json\/wp\/v2\/product_cat?post=192008"},{"taxonomy":"product_tag","embeddable":true,"href":"https:\/\/horecacenter.com\/fr\/wp-json\/wp\/v2\/product_tag?post=192008"}],"curies":[{"name":"wp","href":"https:\/\/api.w.org\/{rel}","templated":true}]}}